{"id":99194,"date":"2025-08-08T18:35:00","date_gmt":"2025-08-08T16:35:00","guid":{"rendered":"https:\/\/gh.uwebdev.ch\/?page_id=99194"},"modified":"2026-02-05T21:07:50","modified_gmt":"2026-02-05T20:07:50","slug":"appartements-haupthaus2","status":"publish","type":"page","link":"https:\/\/gaestehaus.ch\/fr\/appartements\/appartements-haupthaus2\/","title":{"rendered":"Appartement pour 12 personnes"},"content":{"rendered":"<div id='gallery-1' class='gallery galleryid-99194 gallery-columns-9 gallery-size-large'><figure class='gallery-item'>\n\t\t\t<div class='gallery-icon landscape'>\n\t\t\t\t<a class=\"glightbox\" data-gallery=\"post-99194-gallery-0\" data-title=\"Doppelzimmer S\u00fcd\" href='https:\/\/gaestehaus.ch\/wp-content\/uploads\/2025\/08\/Doppelzimmer-Sued_3.jpg'><img fetchpriority=\"high\" decoding=\"async\" width=\"800\" height=\"600\" src=\"https:\/\/gaestehaus.ch\/wp-content\/uploads\/2025\/08\/Doppelzimmer-Sued_3-1024x768.jpg\" class=\"attachment-large size-large\" alt=\"Doppelzimmer S\u00fcd\" srcset=\"https:\/\/gaestehaus.ch\/wp-content\/uploads\/2025\/08\/Doppelzimmer-Sued_3-1024x768.jpg 1024w, https:\/\/gaestehaus.ch\/wp-content\/uploads\/2025\/08\/Doppelzimmer-Sued_3-300x225.jpg 300w, https:\/\/gaestehaus.ch\/wp-content\/uploads\/2025\/08\/Doppelzimmer-Sued_3-768x576.jpg 768w, https:\/\/gaestehaus.ch\/wp-content\/uploads\/2025\/08\/Doppelzimmer-Sued_3.jpg 1300w\" sizes=\"(max-width: 800px) 100vw, 800px\" \/><\/a>\n\t\t\t<\/div><\/figure><figure class='gallery-item'>\n\t\t\t<div class='gallery-icon landscape'>\n\t\t\t\t<a class=\"glightbox\" data-gallery=\"post-99194-gallery-0\" data-title=\"Doppelzimmer S\u00fcd\" href='https:\/\/gaestehaus.ch\/wp-content\/uploads\/2025\/08\/Doppelzimmer-Sued2_2.jpg'><img decoding=\"async\" width=\"800\" height=\"600\" src=\"https:\/\/gaestehaus.ch\/wp-content\/uploads\/2025\/08\/Doppelzimmer-Sued2_2-1024x768.jpg\" class=\"attachment-large size-large\" alt=\"Doppelzimmer S\u00fcd\" srcset=\"https:\/\/gaestehaus.ch\/wp-content\/uploads\/2025\/08\/Doppelzimmer-Sued2_2-1024x768.jpg 1024w, https:\/\/gaestehaus.ch\/wp-content\/uploads\/2025\/08\/Doppelzimmer-Sued2_2-300x225.jpg 300w, https:\/\/gaestehaus.ch\/wp-content\/uploads\/2025\/08\/Doppelzimmer-Sued2_2-768x576.jpg 768w, https:\/\/gaestehaus.ch\/wp-content\/uploads\/2025\/08\/Doppelzimmer-Sued2_2.jpg 1300w\" sizes=\"(max-width: 800px) 100vw, 800px\" \/><\/a>\n\t\t\t<\/div><\/figure><figure class='gallery-item'>\n\t\t\t<div class='gallery-icon landscape'>\n\t\t\t\t<a class=\"glightbox\" data-gallery=\"post-99194-gallery-0\" data-title=\"Moderne K\u00fcche\" href='https:\/\/gaestehaus.ch\/wp-content\/uploads\/2025\/08\/Kueche_2.jpg'><img decoding=\"async\" width=\"800\" height=\"600\" src=\"https:\/\/gaestehaus.ch\/wp-content\/uploads\/2025\/08\/Kueche_2-1024x768.jpg\" class=\"attachment-large size-large\" alt=\"Moderne K\u00fcche\" srcset=\"https:\/\/gaestehaus.ch\/wp-content\/uploads\/2025\/08\/Kueche_2-1024x768.jpg 1024w, https:\/\/gaestehaus.ch\/wp-content\/uploads\/2025\/08\/Kueche_2-300x225.jpg 300w, https:\/\/gaestehaus.ch\/wp-content\/uploads\/2025\/08\/Kueche_2-768x576.jpg 768w, https:\/\/gaestehaus.ch\/wp-content\/uploads\/2025\/08\/Kueche_2.jpg 1300w\" sizes=\"(max-width: 800px) 100vw, 800px\" \/><\/a>\n\t\t\t<\/div><\/figure><figure class='gallery-item'>\n\t\t\t<div class='gallery-icon landscape'>\n\t\t\t\t<a class=\"glightbox\" data-gallery=\"post-99194-gallery-0\" data-title=\"Kaffeemaschine\" href='https:\/\/gaestehaus.ch\/wp-content\/uploads\/2025\/08\/W6.3.jpg'><img loading=\"lazy\" decoding=\"async\" width=\"800\" height=\"600\" src=\"https:\/\/gaestehaus.ch\/wp-content\/uploads\/2025\/08\/W6.3-1024x768.jpg\" class=\"attachment-large size-large\" alt=\"Kaffeemaschine\" srcset=\"https:\/\/gaestehaus.ch\/wp-content\/uploads\/2025\/08\/W6.3-1024x768.jpg 1024w, https:\/\/gaestehaus.ch\/wp-content\/uploads\/2025\/08\/W6.3-300x225.jpg 300w, https:\/\/gaestehaus.ch\/wp-content\/uploads\/2025\/08\/W6.3-768x576.jpg 768w, https:\/\/gaestehaus.ch\/wp-content\/uploads\/2025\/08\/W6.3.jpg 1300w\" sizes=\"(max-width: 800px) 100vw, 800px\" \/><\/a>\n\t\t\t<\/div><\/figure><figure class='gallery-item'>\n\t\t\t<div class='gallery-icon landscape'>\n\t\t\t\t<a class=\"glightbox\" data-gallery=\"post-99194-gallery-0\" data-title=\"Wohn- und Esszimmer\" href='https:\/\/gaestehaus.ch\/wp-content\/uploads\/2025\/08\/Wohnzimmer2.jpg'><img loading=\"lazy\" decoding=\"async\" width=\"800\" height=\"600\" src=\"https:\/\/gaestehaus.ch\/wp-content\/uploads\/2025\/08\/Wohnzimmer2-1024x768.jpg\" class=\"attachment-large size-large\" alt=\"Wohn- und Esszimmer\" srcset=\"https:\/\/gaestehaus.ch\/wp-content\/uploads\/2025\/08\/Wohnzimmer2-1024x768.jpg 1024w, https:\/\/gaestehaus.ch\/wp-content\/uploads\/2025\/08\/Wohnzimmer2-300x225.jpg 300w, https:\/\/gaestehaus.ch\/wp-content\/uploads\/2025\/08\/Wohnzimmer2-768x576.jpg 768w, https:\/\/gaestehaus.ch\/wp-content\/uploads\/2025\/08\/Wohnzimmer2.jpg 1300w\" sizes=\"(max-width: 800px) 100vw, 800px\" \/><\/a>\n\t\t\t<\/div><\/figure><figure class='gallery-item'>\n\t\t\t<div class='gallery-icon landscape'>\n\t\t\t\t<a class=\"glightbox\" data-gallery=\"post-99194-gallery-0\" data-title=\"Wohn- und Esszimmer\" href='https:\/\/gaestehaus.ch\/wp-content\/uploads\/2025\/08\/Wohnzimmer1.jpg'><img loading=\"lazy\" decoding=\"async\" width=\"800\" height=\"600\" src=\"https:\/\/gaestehaus.ch\/wp-content\/uploads\/2025\/08\/Wohnzimmer1-1024x768.jpg\" class=\"attachment-large size-large\" alt=\"Wohn- und Esszimmer\" srcset=\"https:\/\/gaestehaus.ch\/wp-content\/uploads\/2025\/08\/Wohnzimmer1-1024x768.jpg 1024w, https:\/\/gaestehaus.ch\/wp-content\/uploads\/2025\/08\/Wohnzimmer1-300x225.jpg 300w, https:\/\/gaestehaus.ch\/wp-content\/uploads\/2025\/08\/Wohnzimmer1-768x576.jpg 768w, https:\/\/gaestehaus.ch\/wp-content\/uploads\/2025\/08\/Wohnzimmer1.jpg 1300w\" sizes=\"(max-width: 800px) 100vw, 800px\" \/><\/a>\n\t\t\t<\/div><\/figure><figure class='gallery-item'>\n\t\t\t<div class='gallery-icon landscape'>\n\t\t\t\t<a class=\"glightbox\" data-gallery=\"post-99194-gallery-0\" data-title=\"Doppelzimmer S\u00fcd\" href='https:\/\/gaestehaus.ch\/wp-content\/uploads\/2025\/08\/Doppelzimmer-Sued3_1.jpg'><img loading=\"lazy\" decoding=\"async\" width=\"800\" height=\"600\" src=\"https:\/\/gaestehaus.ch\/wp-content\/uploads\/2025\/08\/Doppelzimmer-Sued3_1-1024x768.jpg\" class=\"attachment-large size-large\" alt=\"Doppelzimmer S\u00fcd\" srcset=\"https:\/\/gaestehaus.ch\/wp-content\/uploads\/2025\/08\/Doppelzimmer-Sued3_1-1024x768.jpg 1024w, https:\/\/gaestehaus.ch\/wp-content\/uploads\/2025\/08\/Doppelzimmer-Sued3_1-300x225.jpg 300w, https:\/\/gaestehaus.ch\/wp-content\/uploads\/2025\/08\/Doppelzimmer-Sued3_1-768x576.jpg 768w, https:\/\/gaestehaus.ch\/wp-content\/uploads\/2025\/08\/Doppelzimmer-Sued3_1.jpg 1300w\" sizes=\"(max-width: 800px) 100vw, 800px\" \/><\/a>\n\t\t\t<\/div><\/figure><figure class='gallery-item'>\n\t\t\t<div class='gallery-icon landscape'>\n\t\t\t\t<a class=\"glightbox\" data-gallery=\"post-99194-gallery-0\" data-title=\"Fr\u00fchst\u00fcck mit einmaliger Aussicht\" href='https:\/\/gaestehaus.ch\/wp-content\/uploads\/2025\/08\/1W8B9684.jpeg'><img loading=\"lazy\" decoding=\"async\" width=\"800\" height=\"600\" src=\"https:\/\/gaestehaus.ch\/wp-content\/uploads\/2025\/08\/1W8B9684-1024x768.jpeg\" class=\"attachment-large size-large\" alt=\"Fr\u00fchst\u00fcck mit einmaliger Aussicht\" srcset=\"https:\/\/gaestehaus.ch\/wp-content\/uploads\/2025\/08\/1W8B9684-1024x768.jpeg 1024w, https:\/\/gaestehaus.ch\/wp-content\/uploads\/2025\/08\/1W8B9684-300x225.jpeg 300w, https:\/\/gaestehaus.ch\/wp-content\/uploads\/2025\/08\/1W8B9684-768x576.jpeg 768w, https:\/\/gaestehaus.ch\/wp-content\/uploads\/2025\/08\/1W8B9684.jpeg 1300w\" sizes=\"(max-width: 800px) 100vw, 800px\" \/><\/a>\n\t\t\t<\/div><\/figure><figure class='gallery-item'>\n\t\t\t<div class='gallery-icon landscape'>\n\t\t\t\t<a class=\"glightbox\" data-gallery=\"post-99194-gallery-0\" data-title=\"Einmalige Aussicht auf Eiger, M\u00f6nch und Jungfrau\" href='https:\/\/gaestehaus.ch\/wp-content\/uploads\/2025\/08\/Aussicht_0.jpeg'><img loading=\"lazy\" decoding=\"async\" width=\"800\" height=\"600\" src=\"https:\/\/gaestehaus.ch\/wp-content\/uploads\/2025\/08\/Aussicht_0-1024x768.jpeg\" class=\"attachment-large size-large\" alt=\"Einmalige Aussicht auf Eiger, M\u00f6nch und Jungfrau\" srcset=\"https:\/\/gaestehaus.ch\/wp-content\/uploads\/2025\/08\/Aussicht_0-1024x768.jpeg 1024w, https:\/\/gaestehaus.ch\/wp-content\/uploads\/2025\/08\/Aussicht_0-300x225.jpeg 300w, https:\/\/gaestehaus.ch\/wp-content\/uploads\/2025\/08\/Aussicht_0-768x576.jpeg 768w, https:\/\/gaestehaus.ch\/wp-content\/uploads\/2025\/08\/Aussicht_0.jpeg 1300w\" sizes=\"(max-width: 800px) 100vw, 800px\" \/><\/a>\n\t\t\t<\/div><\/figure><figure class='gallery-item'>\n\t\t\t<div class='gallery-icon landscape'>\n\t\t\t\t<a class=\"glightbox\" data-gallery=\"post-99194-gallery-0\" data-title=\"Alle Zimmer sind mit fliessend Wasser ausgestattet\" href='https:\/\/gaestehaus.ch\/wp-content\/uploads\/2025\/08\/Doppelzimmer-Nord2.jpg'><img loading=\"lazy\" decoding=\"async\" width=\"800\" height=\"600\" src=\"https:\/\/gaestehaus.ch\/wp-content\/uploads\/2025\/08\/Doppelzimmer-Nord2-1024x768.jpg\" class=\"attachment-large size-large\" alt=\"Alle Zimmer sind mit fliessend Wasser ausgestattet\" srcset=\"https:\/\/gaestehaus.ch\/wp-content\/uploads\/2025\/08\/Doppelzimmer-Nord2-1024x768.jpg 1024w, https:\/\/gaestehaus.ch\/wp-content\/uploads\/2025\/08\/Doppelzimmer-Nord2-300x225.jpg 300w, https:\/\/gaestehaus.ch\/wp-content\/uploads\/2025\/08\/Doppelzimmer-Nord2-768x576.jpg 768w, https:\/\/gaestehaus.ch\/wp-content\/uploads\/2025\/08\/Doppelzimmer-Nord2.jpg 1300w\" sizes=\"(max-width: 800px) 100vw, 800px\" \/><\/a>\n\t\t\t<\/div><\/figure><figure class='gallery-item'>\n\t\t\t<div class='gallery-icon landscape'>\n\t\t\t\t<a class=\"glightbox\" data-gallery=\"post-99194-gallery-0\" data-title=\"Doppelzimmer Nord\" href='https:\/\/gaestehaus.ch\/wp-content\/uploads\/2025\/08\/Doppelzimmer-Nord3.jpg'><img loading=\"lazy\" decoding=\"async\" width=\"800\" height=\"600\" src=\"https:\/\/gaestehaus.ch\/wp-content\/uploads\/2025\/08\/Doppelzimmer-Nord3-1024x768.jpg\" class=\"attachment-large size-large\" alt=\"Doppelzimmer Nord\" srcset=\"https:\/\/gaestehaus.ch\/wp-content\/uploads\/2025\/08\/Doppelzimmer-Nord3-1024x768.jpg 1024w, https:\/\/gaestehaus.ch\/wp-content\/uploads\/2025\/08\/Doppelzimmer-Nord3-300x225.jpg 300w, https:\/\/gaestehaus.ch\/wp-content\/uploads\/2025\/08\/Doppelzimmer-Nord3-768x576.jpg 768w, https:\/\/gaestehaus.ch\/wp-content\/uploads\/2025\/08\/Doppelzimmer-Nord3.jpg 1300w\" sizes=\"(max-width: 800px) 100vw, 800px\" \/><\/a>\n\t\t\t<\/div><\/figure><figure class='gallery-item'>\n\t\t\t<div class='gallery-icon landscape'>\n\t\t\t\t<a class=\"glightbox\" data-gallery=\"post-99194-gallery-0\" data-title=\"Doppelzimmer Nord mit Lavabo\" href='https:\/\/gaestehaus.ch\/wp-content\/uploads\/2025\/08\/Doppelzimmer-Nord3_.jpg'><img loading=\"lazy\" decoding=\"async\" width=\"800\" height=\"600\" src=\"https:\/\/gaestehaus.ch\/wp-content\/uploads\/2025\/08\/Doppelzimmer-Nord3_-1024x768.jpg\" class=\"attachment-large size-large\" alt=\"Doppelzimmer Nord mit Lavabo\" srcset=\"https:\/\/gaestehaus.ch\/wp-content\/uploads\/2025\/08\/Doppelzimmer-Nord3_-1024x768.jpg 1024w, https:\/\/gaestehaus.ch\/wp-content\/uploads\/2025\/08\/Doppelzimmer-Nord3_-300x225.jpg 300w, https:\/\/gaestehaus.ch\/wp-content\/uploads\/2025\/08\/Doppelzimmer-Nord3_-768x576.jpg 768w, https:\/\/gaestehaus.ch\/wp-content\/uploads\/2025\/08\/Doppelzimmer-Nord3_.jpg 1300w\" sizes=\"(max-width: 800px) 100vw, 800px\" \/><\/a>\n\t\t\t<\/div><\/figure><figure class='gallery-item'>\n\t\t\t<div class='gallery-icon landscape'>\n\t\t\t\t<a class=\"glightbox\" data-gallery=\"post-99194-gallery-0\" data-title=\"Doppelzimmer Nord\" href='https:\/\/gaestehaus.ch\/wp-content\/uploads\/2025\/08\/Doppelzimmer-Nord.jpg'><img loading=\"lazy\" decoding=\"async\" width=\"800\" height=\"600\" src=\"https:\/\/gaestehaus.ch\/wp-content\/uploads\/2025\/08\/Doppelzimmer-Nord-1024x768.jpg\" class=\"attachment-large size-large\" alt=\"Doppelzimmer Nord\" srcset=\"https:\/\/gaestehaus.ch\/wp-content\/uploads\/2025\/08\/Doppelzimmer-Nord-1024x768.jpg 1024w, https:\/\/gaestehaus.ch\/wp-content\/uploads\/2025\/08\/Doppelzimmer-Nord-300x225.jpg 300w, https:\/\/gaestehaus.ch\/wp-content\/uploads\/2025\/08\/Doppelzimmer-Nord-768x576.jpg 768w, https:\/\/gaestehaus.ch\/wp-content\/uploads\/2025\/08\/Doppelzimmer-Nord.jpg 1300w\" sizes=\"(max-width: 800px) 100vw, 800px\" \/><\/a>\n\t\t\t<\/div><\/figure><figure class='gallery-item'>\n\t\t\t<div class='gallery-icon landscape'>\n\t\t\t\t<a class=\"glightbox\" data-gallery=\"post-99194-gallery-0\" data-title=\"ger\u00e4umiger Gang\" href='https:\/\/gaestehaus.ch\/wp-content\/uploads\/2025\/08\/Gang.jpg'><img loading=\"lazy\" decoding=\"async\" width=\"800\" height=\"600\" src=\"https:\/\/gaestehaus.ch\/wp-content\/uploads\/2025\/08\/Gang-1024x768.jpg\" class=\"attachment-large size-large\" alt=\"ger\u00e4umiger Gang\" srcset=\"https:\/\/gaestehaus.ch\/wp-content\/uploads\/2025\/08\/Gang-1024x768.jpg 1024w, https:\/\/gaestehaus.ch\/wp-content\/uploads\/2025\/08\/Gang-300x225.jpg 300w, https:\/\/gaestehaus.ch\/wp-content\/uploads\/2025\/08\/Gang-768x576.jpg 768w, https:\/\/gaestehaus.ch\/wp-content\/uploads\/2025\/08\/Gang.jpg 1300w\" sizes=\"(max-width: 800px) 100vw, 800px\" \/><\/a>\n\t\t\t<\/div><\/figure><figure class='gallery-item'>\n\t\t\t<div class='gallery-icon landscape'>\n\t\t\t\t<a class=\"glightbox\" data-gallery=\"post-99194-gallery-0\" data-title=\"WC\" href='https:\/\/gaestehaus.ch\/wp-content\/uploads\/2025\/08\/Toilette.jpg'><img loading=\"lazy\" decoding=\"async\" width=\"800\" height=\"600\" src=\"https:\/\/gaestehaus.ch\/wp-content\/uploads\/2025\/08\/Toilette-1024x768.jpg\" class=\"attachment-large size-large\" alt=\"WC\" srcset=\"https:\/\/gaestehaus.ch\/wp-content\/uploads\/2025\/08\/Toilette-1024x768.jpg 1024w, https:\/\/gaestehaus.ch\/wp-content\/uploads\/2025\/08\/Toilette-300x225.jpg 300w, https:\/\/gaestehaus.ch\/wp-content\/uploads\/2025\/08\/Toilette-768x576.jpg 768w, https:\/\/gaestehaus.ch\/wp-content\/uploads\/2025\/08\/Toilette.jpg 1300w\" sizes=\"(max-width: 800px) 100vw, 800px\" \/><\/a>\n\t\t\t<\/div><\/figure><figure class='gallery-item'>\n\t\t\t<div class='gallery-icon landscape'>\n\t\t\t\t<a class=\"glightbox\" data-gallery=\"post-99194-gallery-0\" data-title=\"Grosses Bad\" href='https:\/\/gaestehaus.ch\/wp-content\/uploads\/2025\/08\/Bad.jpg'><img loading=\"lazy\" decoding=\"async\" width=\"800\" height=\"600\" src=\"https:\/\/gaestehaus.ch\/wp-content\/uploads\/2025\/08\/Bad-1024x768.jpg\" class=\"attachment-large size-large\" alt=\"Grosses Bad\" srcset=\"https:\/\/gaestehaus.ch\/wp-content\/uploads\/2025\/08\/Bad-1024x768.jpg 1024w, https:\/\/gaestehaus.ch\/wp-content\/uploads\/2025\/08\/Bad-300x225.jpg 300w, https:\/\/gaestehaus.ch\/wp-content\/uploads\/2025\/08\/Bad-768x576.jpg 768w, https:\/\/gaestehaus.ch\/wp-content\/uploads\/2025\/08\/Bad.jpg 1300w\" sizes=\"(max-width: 800px) 100vw, 800px\" \/><\/a>\n\t\t\t<\/div><\/figure><figure class='gallery-item'>\n\t\t\t<div class='gallery-icon landscape'>\n\t\t\t\t<a class=\"glightbox\" data-gallery=\"post-99194-gallery-0\" data-title=\"Ausblick vom Gang\" href='https:\/\/gaestehaus.ch\/wp-content\/uploads\/2025\/08\/Balkon_Ost.jpg'><img loading=\"lazy\" decoding=\"async\" width=\"800\" height=\"600\" src=\"https:\/\/gaestehaus.ch\/wp-content\/uploads\/2025\/08\/Balkon_Ost-1024x768.jpg\" class=\"attachment-large size-large\" alt=\"Ausblick vom Gang\" srcset=\"https:\/\/gaestehaus.ch\/wp-content\/uploads\/2025\/08\/Balkon_Ost-1024x768.jpg 1024w, https:\/\/gaestehaus.ch\/wp-content\/uploads\/2025\/08\/Balkon_Ost-300x225.jpg 300w, https:\/\/gaestehaus.ch\/wp-content\/uploads\/2025\/08\/Balkon_Ost-768x576.jpg 768w, https:\/\/gaestehaus.ch\/wp-content\/uploads\/2025\/08\/Balkon_Ost.jpg 1300w\" sizes=\"(max-width: 800px) 100vw, 800px\" \/><\/a>\n\t\t\t<\/div><\/figure><figure class='gallery-item'>\n\t\t\t<div class='gallery-icon landscape'>\n\t\t\t\t<a class=\"glightbox\" data-gallery=\"post-99194-gallery-0\" data-title=\"Die Ferienwohnung befindet sich im Haupthaus\" href='https:\/\/gaestehaus.ch\/wp-content\/uploads\/2025\/08\/Haupthaus2.jpg'><img loading=\"lazy\" decoding=\"async\" width=\"800\" height=\"600\" src=\"https:\/\/gaestehaus.ch\/wp-content\/uploads\/2025\/08\/Haupthaus2-1024x768.jpg\" class=\"attachment-large size-large\" alt=\"Die Ferienwohnung befindet sich im Haupthaus\" srcset=\"https:\/\/gaestehaus.ch\/wp-content\/uploads\/2025\/08\/Haupthaus2-1024x768.jpg 1024w, https:\/\/gaestehaus.ch\/wp-content\/uploads\/2025\/08\/Haupthaus2-300x225.jpg 300w, https:\/\/gaestehaus.ch\/wp-content\/uploads\/2025\/08\/Haupthaus2-768x576.jpg 768w, https:\/\/gaestehaus.ch\/wp-content\/uploads\/2025\/08\/Haupthaus2.jpg 1300w\" sizes=\"(max-width: 800px) 100vw, 800px\" \/><\/a>\n\t\t\t<\/div><\/figure><figure class='gallery-item'>\n\t\t\t<div class='gallery-icon landscape'>\n\t\t\t\t<a class=\"glightbox\" data-gallery=\"post-99194-gallery-0\" data-title=\"Gem\u00fctliche Sitzlounge vor dem Haupthaus\" href='https:\/\/gaestehaus.ch\/wp-content\/uploads\/2025\/08\/1W8B0307_0.jpeg'><img loading=\"lazy\" decoding=\"async\" width=\"800\" height=\"600\" src=\"https:\/\/gaestehaus.ch\/wp-content\/uploads\/2025\/08\/1W8B0307_0-1024x768.jpeg\" class=\"attachment-large size-large\" alt=\"Gem\u00fctliche Sitzlounge vor dem Haupthaus\" srcset=\"https:\/\/gaestehaus.ch\/wp-content\/uploads\/2025\/08\/1W8B0307_0-1024x768.jpeg 1024w, https:\/\/gaestehaus.ch\/wp-content\/uploads\/2025\/08\/1W8B0307_0-300x225.jpeg 300w, https:\/\/gaestehaus.ch\/wp-content\/uploads\/2025\/08\/1W8B0307_0-768x576.jpeg 768w, https:\/\/gaestehaus.ch\/wp-content\/uploads\/2025\/08\/1W8B0307_0.jpeg 1300w\" sizes=\"(max-width: 800px) 100vw, 800px\" \/><\/a>\n\t\t\t<\/div><\/figure><figure class='gallery-item'>\n\t\t\t<div class='gallery-icon landscape'>\n\t\t\t\t<a class=\"glightbox\" data-gallery=\"post-99194-gallery-0\" data-title=\"Trampolin\" href='https:\/\/gaestehaus.ch\/wp-content\/uploads\/2025\/08\/1SR08785_b_0.jpg'><img loading=\"lazy\" decoding=\"async\" width=\"800\" height=\"534\" src=\"https:\/\/gaestehaus.ch\/wp-content\/uploads\/2025\/08\/1SR08785_b_0-1024x683.jpg\" class=\"attachment-large size-large\" alt=\"Trampolin\" srcset=\"https:\/\/gaestehaus.ch\/wp-content\/uploads\/2025\/08\/1SR08785_b_0-1024x683.jpg 1024w, https:\/\/gaestehaus.ch\/wp-content\/uploads\/2025\/08\/1SR08785_b_0-300x200.jpg 300w, https:\/\/gaestehaus.ch\/wp-content\/uploads\/2025\/08\/1SR08785_b_0-768x512.jpg 768w, https:\/\/gaestehaus.ch\/wp-content\/uploads\/2025\/08\/1SR08785_b_0.jpg 1300w\" sizes=\"(max-width: 800px) 100vw, 800px\" \/><\/a>\n\t\t\t<\/div><\/figure><figure class='gallery-item'>\n\t\t\t<div class='gallery-icon landscape'>\n\t\t\t\t<a class=\"glightbox\" data-gallery=\"post-99194-gallery-0\" data-title=\"Spielturm mit Rutsche\" href='https:\/\/gaestehaus.ch\/wp-content\/uploads\/2025\/08\/DSC06032.jpeg'><img loading=\"lazy\" decoding=\"async\" width=\"800\" height=\"534\" src=\"https:\/\/gaestehaus.ch\/wp-content\/uploads\/2025\/08\/DSC06032-1024x683.jpeg\" class=\"attachment-large size-large\" alt=\"Spielturm mit Rutsche\" srcset=\"https:\/\/gaestehaus.ch\/wp-content\/uploads\/2025\/08\/DSC06032-1024x683.jpeg 1024w, https:\/\/gaestehaus.ch\/wp-content\/uploads\/2025\/08\/DSC06032-300x200.jpeg 300w, https:\/\/gaestehaus.ch\/wp-content\/uploads\/2025\/08\/DSC06032-768x512.jpeg 768w, https:\/\/gaestehaus.ch\/wp-content\/uploads\/2025\/08\/DSC06032.jpeg 1300w\" sizes=\"(max-width: 800px) 100vw, 800px\" \/><\/a>\n\t\t\t<\/div><\/figure><figure class='gallery-item'>\n\t\t\t<div class='gallery-icon landscape'>\n\t\t\t\t<a class=\"glightbox\" data-gallery=\"post-99194-gallery-0\" data-title=\"Schaukel\" href='https:\/\/gaestehaus.ch\/wp-content\/uploads\/2025\/08\/DSC06016_0.jpeg'><img loading=\"lazy\" decoding=\"async\" width=\"800\" height=\"534\" src=\"https:\/\/gaestehaus.ch\/wp-content\/uploads\/2025\/08\/DSC06016_0-1024x683.jpeg\" class=\"attachment-large size-large\" alt=\"Schaukel\" srcset=\"https:\/\/gaestehaus.ch\/wp-content\/uploads\/2025\/08\/DSC06016_0-1024x683.jpeg 1024w, https:\/\/gaestehaus.ch\/wp-content\/uploads\/2025\/08\/DSC06016_0-300x200.jpeg 300w, https:\/\/gaestehaus.ch\/wp-content\/uploads\/2025\/08\/DSC06016_0-768x512.jpeg 768w, https:\/\/gaestehaus.ch\/wp-content\/uploads\/2025\/08\/DSC06016_0.jpeg 1300w\" sizes=\"(max-width: 800px) 100vw, 800px\" \/><\/a>\n\t\t\t<\/div><\/figure><figure class='gallery-item'>\n\t\t\t<div class='gallery-icon landscape'>\n\t\t\t\t<a class=\"glightbox\" data-gallery=\"post-99194-gallery-0\" data-title=\"Volleyballfeld\" href='https:\/\/gaestehaus.ch\/wp-content\/uploads\/2025\/08\/2018-06-10.-sbt-Volleyball-16_0.jpg'><img loading=\"lazy\" decoding=\"async\" width=\"800\" height=\"534\" src=\"https:\/\/gaestehaus.ch\/wp-content\/uploads\/2025\/08\/2018-06-10.-sbt-Volleyball-16_0-1024x683.jpg\" class=\"attachment-large size-large\" alt=\"Volleyballfeld\" srcset=\"https:\/\/gaestehaus.ch\/wp-content\/uploads\/2025\/08\/2018-06-10.-sbt-Volleyball-16_0-1024x683.jpg 1024w, https:\/\/gaestehaus.ch\/wp-content\/uploads\/2025\/08\/2018-06-10.-sbt-Volleyball-16_0-300x200.jpg 300w, https:\/\/gaestehaus.ch\/wp-content\/uploads\/2025\/08\/2018-06-10.-sbt-Volleyball-16_0-768x512.jpg 768w, https:\/\/gaestehaus.ch\/wp-content\/uploads\/2025\/08\/2018-06-10.-sbt-Volleyball-16_0.jpg 1300w\" sizes=\"(max-width: 800px) 100vw, 800px\" \/><\/a>\n\t\t\t<\/div><\/figure><figure class='gallery-item'>\n\t\t\t<div class='gallery-icon landscape'>\n\t\t\t\t<a class=\"glightbox\" data-gallery=\"post-99194-gallery-0\" data-title=\"Seilb\u00e4hnli\" href='https:\/\/gaestehaus.ch\/wp-content\/uploads\/2025\/08\/seilbaehnli_0.jpg'><img loading=\"lazy\" decoding=\"async\" width=\"800\" height=\"450\" src=\"https:\/\/gaestehaus.ch\/wp-content\/uploads\/2025\/08\/seilbaehnli_0-1024x576.jpg\" class=\"attachment-large size-large\" alt=\"Seilb\u00e4hnli\" srcset=\"https:\/\/gaestehaus.ch\/wp-content\/uploads\/2025\/08\/seilbaehnli_0-1024x576.jpg 1024w, https:\/\/gaestehaus.ch\/wp-content\/uploads\/2025\/08\/seilbaehnli_0-300x169.jpg 300w, https:\/\/gaestehaus.ch\/wp-content\/uploads\/2025\/08\/seilbaehnli_0-768x432.jpg 768w, https:\/\/gaestehaus.ch\/wp-content\/uploads\/2025\/08\/seilbaehnli_0.jpg 1300w\" sizes=\"(max-width: 800px) 100vw, 800px\" \/><\/a>\n\t\t\t<\/div><\/figure><figure class='gallery-item'>\n\t\t\t<div class='gallery-icon landscape'>\n\t\t\t\t<a class=\"glightbox\" data-gallery=\"post-99194-gallery-0\" data-title=\"Wasserrutsche\" href='https:\/\/gaestehaus.ch\/wp-content\/uploads\/2025\/08\/FamFrei3-18_0.jpg'><img loading=\"lazy\" decoding=\"async\" width=\"800\" height=\"450\" src=\"https:\/\/gaestehaus.ch\/wp-content\/uploads\/2025\/08\/FamFrei3-18_0-1024x576.jpg\" class=\"attachment-large size-large\" alt=\"Wasserrutsche\" srcset=\"https:\/\/gaestehaus.ch\/wp-content\/uploads\/2025\/08\/FamFrei3-18_0-1024x576.jpg 1024w, https:\/\/gaestehaus.ch\/wp-content\/uploads\/2025\/08\/FamFrei3-18_0-300x169.jpg 300w, https:\/\/gaestehaus.ch\/wp-content\/uploads\/2025\/08\/FamFrei3-18_0-768x432.jpg 768w, https:\/\/gaestehaus.ch\/wp-content\/uploads\/2025\/08\/FamFrei3-18_0.jpg 1300w\" sizes=\"(max-width: 800px) 100vw, 800px\" \/><\/a>\n\t\t\t<\/div><\/figure>\n\t\t<\/div>\n\n<p>Grand appartement lumineux de 7 pi\u00e8ces accessible par ascenseur, situ\u00e9 au 2\u00e8me \u00e9tage.<\/p>\n<p>12 lits dans 6 chambres, une surface de 170 m\u00b2 au total. L\u2019appartement se trouve au centre de l\u2019Oberland bernois \u00e0 seulement 15 minutes d\u2019Interlaken en auto.<\/p>\n<ul>\n<li>Acc\u00e8s WiFi gratuit (dans le b\u00e2timent)<\/li>\n<li>2 balcons \u00e9quip\u00e9s avec vue sur les montagnes Eiger, M\u00f6nch, Jungfrau et sur le lac de Thoune.<\/li>\n<li>Grande cuisine avec four, micro-ondes, lave-vaisselle, machine \u00e0 caf\u00e9 Nespresso, machine \u00e0 caf\u00e9 (caf\u00e9 filtre), grill-pain, bouilloire, canap\u00e9s, t\u00e9l\u00e9vision, DVD, radio ainsi qu\u2019une grande table \u00e0 manger pour 10 personnes.<\/li>\n<li>6 chambres double avec lavabos<\/li>\n<li>Salle de bain avec baignoire, douche et toilettes accessibles pour les personnes en fauteuil roulant.Il y a \u00e9galement 2 toilettes s\u00e9par\u00e9es suppl\u00e9mentaires.<\/li>\n<li>Machine \u00e0 laver le linge et s\u00e8che-linge disponible dans le b\u00e2timent (payant)<\/li>\n<li>Parking gratuit autour de la maison<\/li>\n<li>Sur notre terrain vous trouverez : grande aire de jeux pour enfants, toboggan \u00e0 eau, tyrolienne pour enfants, table de ping-pong et baby-foot, place de pique-nique avec un grand grill.<\/li>\n<li>Possibilit\u00e9 de manger \u00e0 l\u2019h\u00f4tel<\/li>\n<li>Draps et serviettes inclus<\/li>\n<li>Linge de cuisine inclus<\/li>\n<li>Lits d\u2019enfants disponibles sur demande<\/li>\n<\/ul>\n\t\t<div data-elementor-type=\"container\" data-elementor-id=\"102083\" class=\"elementor elementor-102083 elementor-102070\" data-elementor-post-type=\"elementor_library\">\n\t\t\t\t<div class=\"elementor-element elementor-element-482cbce e-grid e-con-boxed e-con e-parent\" data-id=\"482cbce\" data-element_type=\"container\">\n\t\t\t\t\t<div class=\"e-con-inner\">\n\t\t\t\t<div class=\"elementor-element elementor-element-e2596e7 elementor-widget elementor-widget-text-editor\" data-id=\"e2596e7\" data-element_type=\"widget\" data-widget_type=\"text-editor.default\">\n\t\t\t\t<div class=\"elementor-widget-container\">\n\t\t\t\t\t\t\t\t\t<p><a class=\"button\" href=\"https:\/\/gaestehaus.ch\/fr\/appartements\/reservation\/\">Demande de r\u00e9servation<\/a><\/p>\t\t\t\t\t\t\t\t<\/div>\n\t\t\t\t<\/div>\n\t\t\t\t<div class=\"elementor-element elementor-element-8175c79 elementor-widget elementor-widget-text-editor\" data-id=\"8175c79\" data-element_type=\"widget\" data-widget_type=\"text-editor.default\">\n\t\t\t\t<div class=\"elementor-widget-container\">\n\t\t\t\t\t\t\t\t\t<a class=\"button\" href=\"https:\/\/fr.airbnb.ch\/rooms\/32826082?source_impression_id=p3_1760783130_P3obnQOX1oSc0L4u&amp;_set_bev_on_new_domain=1763021588_EAZmRkOTczM2EwNj&amp;set_everest_cookie_on_new_domain=1763021588.EAMWU5MTM2ZWQzZmRjNj.vR5gazURFGSMZyaLgtoAbZM1V1--M1ipXDTT-zG2kHU\" target=\"_blank\" rel=\"noopener\">R\u00e9servez directement sur airbnb<\/a>\t\t\t\t\t\t\t\t<\/div>\n\t\t\t\t<\/div>\n\t\t\t\t\t<\/div>\n\t\t\t\t<\/div>\n\t\t\t\t<\/div>\n\t\t\n<table class=\"table\" border=\"0\" cellspacing=\"1\" cellpadding=\"1\">\n<thead>\n<tr style=\"background-color: #cb0d38;\">\n<th class=\"border-right-white\" colspan=\"2\"><span style=\"color: #ffffff;\">Prix par nuit<strong>, en CHF <\/strong>**<br \/>\n(jusqu\u2019\u00e0 5 personnes)<\/span><\/th>\n<th style=\"text-align: center;\" colspan=\"2\"><span style=\"color: #ffffff;\">Chaque personne suppl\u00e9mentaire<br \/>\n(d\u00e8s la 6\u00e8me personne)<\/span><\/th>\n<\/tr>\n<tr style=\"background-color: #cb0d38;\">\n<th class=\"border-right-white\" colspan=\"2\"><\/th>\n<th style=\"text-align: center;\" colspan=\"2\"><span style=\"color: #ffffff;\">CHF par personne \/ nuit<br \/>\n(de 6 ans)<\/span><\/th>\n<\/tr>\n<\/thead>\n<tbody>\n<tr>\n<td class=\"border-right-white\" style=\"vertical-align: top;\">\n<p class=\"text-align-left\">hors-saison<\/p>\n<\/td>\n<td class=\"border-right\" style=\"text-align: center; vertical-align: top;\">\n<p class=\"text-align-center\">140<\/p>\n<\/td>\n<td style=\"text-align: center; vertical-align: top;\">\n<p class=\"text-align-center\">20<\/p>\n<\/td>\n<\/tr>\n<tr>\n<td class=\"border-right-white\" style=\"vertical-align: top;\">\n<p class=\"text-align-left\">haute saison<\/p>\n<\/td>\n<td class=\"border-right\" style=\"text-align: center; vertical-align: top;\">\n<p class=\"text-align-center\">190<\/p>\n<\/td>\n<td style=\"text-align: center; vertical-align: top;\">\n<p class=\"text-align-center\">20<\/p>\n<\/td>\n<\/tr>\n<tr>\n<td class=\"border-right-white\" style=\"vertical-align: top;\">\n<p class=\"text-align-left\">nettoyage final (une fois)<\/p>\n<\/td>\n<td class=\"border-right\" style=\"text-align: center; vertical-align: top;\">\n<p class=\"text-align-center\">150<\/p>\n<\/td>\n<td style=\"text-align: center; vertical-align: top;\">\n<p class=\"text-align-center\">\n<\/td>\n<\/tr>\n<\/tbody>\n<\/table>\n\t\t<div data-elementor-type=\"section\" data-elementor-id=\"101905\" class=\"elementor elementor-101905 elementor-101896\" data-elementor-post-type=\"elementor_library\">\n\t\t\t<div class=\"elementor-element elementor-element-24513a3e e-flex e-con-boxed e-con e-parent\" data-id=\"24513a3e\" data-element_type=\"container\">\n\t\t\t\t\t<div class=\"e-con-inner\">\n\t\t\t\t<div class=\"elementor-element elementor-element-4ccc193b elementor-widget elementor-widget-html\" data-id=\"4ccc193b\" data-element_type=\"widget\" data-widget_type=\"html.default\">\n\t\t\t\t<div class=\"elementor-widget-container\">\n\t\t\t\t\t\n<p><p><strong>Basse saison 2026 :<\/strong> 5 au 31 janvier 2026 \/ mars \u00e0 mai 2026 \/ octobre au 17 d\u00e9cembre 2026<\/p>\n<p><p><strong>Haute saison 2026 :<\/strong> F\u00e9vrier 2026 \/ Juin \u00e0 septembre 2026 \/ 18 d\u00e9cembre 2026 au 6 janvier 2027<\/p>\n\n<p><p><strong>Basse saison 2027 :<\/strong> 7 au 29 janvier 2027 \/ mars \u00e0 mai 2027 \/ octobre au 22 d\u00e9cembre 2027<\/p>\n\n<p><strong>Haute saison 2027 :<\/strong> 30 janvier au 28 f\u00e9vrier 2027 \/ juin \u00e0 septembre 2027 \/ 23 d\u00e9cembre 2027 au 8 janvier 2028<\/p>\n\t\t\t\t<\/div>\n\t\t\t\t<\/div>\n\t\t\t\t\t<\/div>\n\t\t\t\t<\/div>\n\t\t\t\t<\/div>\n\t\t\n<p>&nbsp;<\/p>\n<p><strong>Nettoyage final :<\/strong>\u00a0est effectu\u00e9 obligatoirement par nos soins<\/p>\n<p><strong>Suppl\u00e9ment pour occupation courte :<\/strong> Pour les s\u00e9jours de moins de deux nuits, nous facturons un suppl\u00e9ment unique de CHF 140 (basse saison) ou CHF 190 (haute saison).<\/p>\n<p>La TVA, les serviettes et les draps de lit sont inclus dans le prix.<\/p>\n<h2>Check-in \/\u00a0Check-out<\/h2>\n<p>Arriv\u00e9e d\u00e8s 16h00<\/p>\n<p>D\u00e9part jusqu\u2019\u00e0 10h00<\/p>\n<h2>Taxes de s\u00e9jour et r\u00e9ductions **<\/h2>\n\t\t<div data-elementor-type=\"section\" data-elementor-id=\"101747\" class=\"elementor elementor-101747 elementor-101737\" data-elementor-post-type=\"elementor_library\">\n\t\t\t<div class=\"elementor-element elementor-element-7b1d6db6 e-flex e-con-boxed e-con e-parent\" data-id=\"7b1d6db6\" data-element_type=\"container\">\n\t\t\t\t\t<div class=\"e-con-inner\">\n\t\t\t\t<div class=\"elementor-element elementor-element-483c2e1e elementor-widget elementor-widget-html\" data-id=\"483c2e1e\" data-element_type=\"widget\" data-widget_type=\"html.default\">\n\t\t\t\t<div class=\"elementor-widget-container\">\n\t\t\t\t\t<p>Les taxes de s\u00e9jour <u>ne sont pas incluses<\/u> dans les prix indiqu\u00e9s. Les taxes de s\u00e9jour s\u2019ajoutent : <\/p>\r\n<table class=\"table\" border=\"0\" cellspacing=\"1\" cellpadding=\"1\">\r\n<thead>\r\n<tr style=\"background-color: #cb0d38;\">\r\n<th class=\"text-align-left\"><\/th>\r\n<th style=\"text-align: center;\"><span style=\"color: #ffffff;\">Adultes<\/span><\/th>\r\n<th style=\"text-align: center;\"><span style=\"color: #ffffff;\">Enfants<\/span><br><span style=\"color: #ffffff;\">6-16 ans<\/span><\/th>\r\n<\/tr>\r\n<\/thead>\r\n<tbody>\r\n<tr>\r\n<td style=\"vertical-align: top;\">\r\n<p class=\"text-align-left\">Taxe de s\u00e9jour par personne et par nuit<\/p>\r\n<\/td>\r\n<td style=\"text-align: center; vertical-align: top;\">\r\n<p class=\"text-align-center\">4.20<\/p>\r\n<\/td>\r\n<td style=\"text-align: center; vertical-align: top;\">\r\n<p class=\"text-align-center\">1.60<\/p>\r\n<\/td>\r\n<\/tr>\r\n<\/tbody>\r\n<\/table>\r\n\t\t\t\t<\/div>\n\t\t\t\t<\/div>\n\t\t\t\t\t<\/div>\n\t\t\t\t<\/div>\n\t\t\t\t<\/div>\n\t\t\n<div class=\"clearfix block block-layout-builder block-field-blocknodebildergaleriefield-footer\">\n<div class=\"content\">\n<div class=\"clearfix text-formatted field field--name-field-footer field--type-text-long field--label-hidden field__item\">\n\t\t<div data-elementor-type=\"section\" data-elementor-id=\"101706\" class=\"elementor elementor-101706 elementor-101690\" data-elementor-post-type=\"elementor_library\">\n\t\t\t<div class=\"elementor-element elementor-element-3636d6e1 e-flex e-con-boxed e-con e-parent\" data-id=\"3636d6e1\" data-element_type=\"container\">\n\t\t\t\t\t<div class=\"e-con-inner\">\n\t\t\t\t<div class=\"elementor-element elementor-element-7c290584 elementor-widget elementor-widget-html\" data-id=\"7c290584\" data-element_type=\"widget\" data-widget_type=\"html.default\">\n\t\t\t\t<div class=\"elementor-widget-container\">\n\t\t\t\t\t<p>Sous r\u00e9serve de modification: le prix des taxes de s\u00e9jour est fix\u00e9 par la commune de Beatenberg.<\/p><p>&nbsp;<\/p><p>En tant que client, vous payez une taxe de s\u00e9jour et recevez une carte d'h\u00f4te qui vous donne droit \u00e0 divers avantages. Cela comprend : <\/p>\r\n<ul>\r\n\r\n<li>\r\nUtilisation gratuite du car postal de \u00ab Interlaken West \u00bb jusqu\u2019\u00e0 \u00ab Beatenberg Station \u00bb et de \u00ab Interlaken West \u00bb jusqu\u2019\u00e0 \u00ab Habkern \u00bb (valable d\u00e8s le jour de l\u2019arriv\u00e9e).\r\n\r\n<\/li>\r\n<li>R\u00e9duction pour la t\u00e9l\u00e9cabine du Niederhorn<\/li>\r\n<li>R\u00e9duction pour les grottes de Saint-B\u00e9at<\/li>\r\n\r\n<\/ul>\r\n\r\n    \r\n<\/p>\t\t\t\t<\/div>\n\t\t\t\t<\/div>\n\t\t\t\t<div class=\"elementor-element elementor-element-0dfd179 elementor-button-info elementor-widget elementor-widget-button\" data-id=\"0dfd179\" data-element_type=\"widget\" data-widget_type=\"button.default\">\n\t\t\t\t<div class=\"elementor-widget-container\">\n\t\t\t\t\t\t\t\t\t<div class=\"elementor-button-wrapper\">\n\t\t\t\t\t<a class=\"elementor-button elementor-button-link elementor-size-sm\" href=\"https:\/\/beatenberg.ch\/dmxDaten\/tourismus\/Verg%C3%BCnstigungen\/2026_Beatenberg%20Verg%C3%BCnstigungen.pdf\" target=\"_blank\" rel=\"noopener\">\n\t\t\t\t\t\t<span class=\"elementor-button-content-wrapper\">\n\t\t\t\t\t\t\t\t\t<span class=\"elementor-button-text\">Aper\u00e7u actuel de Beatenberg Tourisme<\/span>\n\t\t\t\t\t<\/span>\n\t\t\t\t\t<\/a>\n\t\t\t\t<\/div>\n\t\t\t\t\t\t\t\t<\/div>\n\t\t\t\t<\/div>\n\t\t\t\t\t<\/div>\n\t\t\t\t<\/div>\n\t\t<div class=\"elementor-element elementor-element-396d5c69 e-flex e-con-boxed e-con e-parent\" data-id=\"396d5c69\" data-element_type=\"container\">\n\t\t\t\t\t<div class=\"e-con-inner\">\n\t\t\t\t<div class=\"elementor-element elementor-element-42e2033e elementor-widget elementor-widget-html\" data-id=\"42e2033e\" data-element_type=\"widget\" data-widget_type=\"html.default\">\n\t\t\t\t<div class=\"elementor-widget-container\">\n\t\t\t\t\t\r\n<p>&nbsp;<\/p>\t\t\t\t<\/div>\n\t\t\t\t<\/div>\n\t\t\t\t\t<\/div>\n\t\t\t\t<\/div>\n\t\t\t\t<\/div>\n\t\t\n<h2>Repas &#8211; Prix en CHF<\/h2>\n<div class=\"clearfix block block-layout-builder block-field-blocknodebildergaleriefield-footer\">\n<div class=\"content\">\n<div class=\"clearfix text-formatted field field--name-field-footer field--type-text-long field--label-hidden field__item\">\n<p>Vous avez la possibilit\u00e9 de cuisiner vous-m\u00eame dans nos appartements. Les cuisines sont bien \u00e9quip\u00e9es.\u00a0<strong>Toutefois vous pouvez \u00e9galement profiter de repas de l\u2019h\u00f4tel.<\/strong><\/p>\n<p>Pour des questions d\u2019organisation, nous vous prions cependant de nous signaler votre pr\u00e9sence jusqu\u2019\u00e0 9h00 au plus tard pour un repas du midi ou du soir ainsi que pour le petit-d\u00e9jeuner du lendemain. Merci!<\/p>\n<\/div>\n<\/div>\n<\/div>\n<div class=\"clearfix block block-layout-builder block-extra-field-blocknodebildergalerielinks\">\n<div class=\"content\"><\/div>\n<\/div>\n<div class=\"_none clearfix block block-block-content block-block-content72197425-17c7-41e1-954a-2e487ca8edf0\">\n<div class=\"content\">\n<div class=\"clearfix text-formatted field field--name-body field--type-text-with-summary field--label-hidden field__item\">\n<p>Notre repas principal est le d\u00eener. Le dimanche midi, le prix est le m\u00eame que le soir, car un plat principal est \u00e9galement servi. Si vous avez une intol\u00e9rance ou un souhait de repas (menu v\u00e9g\u00e9tarien ou v\u00e9g\u00e9talien), veuillez le signaler \u00e0 l&rsquo;avance.<\/p>\n<\/div>\n<\/div>\n<\/div>\n<\/div>\n<\/div>\n<\/div>\n<div class=\"_none clearfix block block-block-content block-block-content72197425-17c7-41e1-954a-2e487ca8edf0\">\n<div class=\"content\">\n<div class=\"clearfix text-formatted field field--name-body field--type-text-with-summary field--label-hidden field__item\">\n<p><a class=\"button button-default\" href=\"https:\/\/gaestehaus.ch\/fr\/general-intolerance\/\">Plus d&rsquo;informations sur les repas<\/a><\/p>\n<p>&nbsp;<\/p>\n<\/div>\n<\/div>\n<\/div>\n<table class=\"table\" border=\"0\" cellspacing=\"1\" cellpadding=\"1\">\n<thead>\n<tr style=\"background-color: #cb0d38;\">\n<th style=\"vertical-align: top;\"><span style=\"color: #ffffff;\">Prix des repas \u00e0 l\u2019h\u00f4tel<br \/>\n\u00e0 partir de 6.1.25<\/span><\/th>\n<th style=\"text-align: center; vertical-align: top;\"><span style=\"color: #ffffff;\">Adultes<\/span><\/th>\n<th style=\"text-align: center; vertical-align: top;\"><span style=\"color: #ffffff;\">12-15 ans<\/span><\/th>\n<th style=\"text-align: center; vertical-align: top;\"><span style=\"color: #ffffff;\">6-11 ans<\/span><\/th>\n<th style=\"text-align: center; vertical-align: top;\"><span style=\"color: #ffffff;\">0-5 ans<\/span><\/th>\n<\/tr>\n<\/thead>\n<tbody>\n<tr>\n<td style=\"vertical-align: top;\">\n<p class=\"text-align-left\">Buffet de petit d\u00e9jeuner<br \/>\n7h30 \u2013 9h30 Uhr<\/p>\n<\/td>\n<td style=\"text-align: center; vertical-align: top;\">\n<p class=\"text-align-center\">10<\/p>\n<\/td>\n<td style=\"text-align: center; vertical-align: top;\">\n<p class=\"text-align-center\">7<\/p>\n<\/td>\n<td style=\"text-align: center; vertical-align: top;\">\n<p class=\"text-align-center\">5<\/p>\n<\/td>\n<td style=\"text-align: center; vertical-align: top;\">\n<p class=\"text-align-center\">0<\/p>\n<\/td>\n<\/tr>\n<tr>\n<td style=\"vertical-align: top;\">\n<p class=\"text-align-left\">Buffet \u00e0 midi<br \/>\n12h30 &#8211; 13h30<\/p>\n<\/td>\n<td style=\"text-align: center; vertical-align: top;\">\n<p class=\"text-align-center\">16<\/p>\n<\/td>\n<td style=\"text-align: center; vertical-align: top;\">\n<p class=\"text-align-center\">10<\/p>\n<\/td>\n<td style=\"text-align: center; vertical-align: top;\">\n<p class=\"text-align-center\">7<\/p>\n<\/td>\n<td style=\"text-align: center; vertical-align: top;\">\n<p class=\"text-align-center\">0<\/p>\n<\/td>\n<\/tr>\n<tr>\n<td style=\"vertical-align: top;\">\n<p class=\"text-align-left\">Buffet du soir<br \/>\n18h30 &#8211; 19h30<\/p>\n<\/td>\n<td style=\"text-align: center; vertical-align: top;\">\n<p class=\"text-align-center\">23<\/p>\n<\/td>\n<td style=\"text-align: center; vertical-align: top;\">\n<p class=\"text-align-center\">14<\/p>\n<\/td>\n<td style=\"text-align: center; vertical-align: top;\">\n<p class=\"text-align-center\">11<\/p>\n<\/td>\n<td style=\"text-align: center; vertical-align: top;\">\n<p class=\"text-align-center\">0<\/p>\n<\/td>\n<\/tr>\n<tr>\n<td style=\"vertical-align: top;\">\n<p class=\"text-align-left\">Pique-nique \u00e0 emporter<\/p>\n<\/td>\n<td style=\"text-align: center; vertical-align: top;\">\n<p class=\"text-align-center\">16<\/p>\n<\/td>\n<td style=\"text-align: center; vertical-align: top;\">\n<p class=\"text-align-center\">10<\/p>\n<\/td>\n<td style=\"text-align: center; vertical-align: top;\">\n<p class=\"text-align-center\">7<\/p>\n<\/td>\n<td style=\"text-align: center; vertical-align: top;\">\n<p class=\"text-align-center\">0<\/p>\n<\/td>\n<\/tr>\n<\/tbody>\n<\/table>\n\t\t<div data-elementor-type=\"container\" data-elementor-id=\"102083\" class=\"elementor elementor-102083 elementor-102070\" data-elementor-post-type=\"elementor_library\">\n\t\t\t\t<div class=\"elementor-element elementor-element-482cbce e-grid e-con-boxed e-con e-parent\" data-id=\"482cbce\" data-element_type=\"container\">\n\t\t\t\t\t<div class=\"e-con-inner\">\n\t\t\t\t<div class=\"elementor-element elementor-element-e2596e7 elementor-widget elementor-widget-text-editor\" data-id=\"e2596e7\" data-element_type=\"widget\" data-widget_type=\"text-editor.default\">\n\t\t\t\t<div class=\"elementor-widget-container\">\n\t\t\t\t\t\t\t\t\t<p><a class=\"button\" href=\"https:\/\/gaestehaus.ch\/fr\/appartements\/reservation\/\">Demande de r\u00e9servation<\/a><\/p>\t\t\t\t\t\t\t\t<\/div>\n\t\t\t\t<\/div>\n\t\t\t\t<div class=\"elementor-element elementor-element-8175c79 elementor-widget elementor-widget-text-editor\" data-id=\"8175c79\" data-element_type=\"widget\" data-widget_type=\"text-editor.default\">\n\t\t\t\t<div class=\"elementor-widget-container\">\n\t\t\t\t\t\t\t\t\t<a class=\"button\" href=\"https:\/\/fr.airbnb.ch\/rooms\/32826082?source_impression_id=p3_1760783130_P3obnQOX1oSc0L4u&amp;_set_bev_on_new_domain=1763021588_EAZmRkOTczM2EwNj&amp;set_everest_cookie_on_new_domain=1763021588.EAMWU5MTM2ZWQzZmRjNj.vR5gazURFGSMZyaLgtoAbZM1V1--M1ipXDTT-zG2kHU\" target=\"_blank\" rel=\"noopener\">R\u00e9servez directement sur airbnb<\/a>\t\t\t\t\t\t\t\t<\/div>\n\t\t\t\t<\/div>\n\t\t\t\t\t<\/div>\n\t\t\t\t<\/div>\n\t\t\t\t<\/div>\n\t\t\n","protected":false},"excerpt":{"rendered":"<p>Grand appartement lumineux de 7 pi\u00e8ces accessible par ascenseur, situ\u00e9 au 2\u00e8me \u00e9tage. 12 lits dans 6 chambres, une surface de 170 m\u00b2 au total. L\u2019appartement se trouve au centre de l\u2019Oberland bernois \u00e0 seulement 15 minutes d\u2019Interlaken en auto. Acc\u00e8s WiFi gratuit (dans le b\u00e2timent) 2 balcons \u00e9quip\u00e9s avec vue sur les montagnes Eiger, [&hellip;]<\/p>\n","protected":false},"author":6,"featured_media":99168,"parent":99328,"menu_order":0,"comment_status":"closed","ping_status":"closed","template":"","meta":{"_acf_changed":false,"footnotes":""},"class_list":["post-99194","page","type-page","status-publish","has-post-thumbnail","hentry"],"acf":[],"_links":{"self":[{"href":"https:\/\/gaestehaus.ch\/fr\/wp-json\/wp\/v2\/pages\/99194","targetHints":{"allow":["GET"]}}],"collection":[{"href":"https:\/\/gaestehaus.ch\/fr\/wp-json\/wp\/v2\/pages"}],"about":[{"href":"https:\/\/gaestehaus.ch\/fr\/wp-json\/wp\/v2\/types\/page"}],"author":[{"embeddable":true,"href":"https:\/\/gaestehaus.ch\/fr\/wp-json\/wp\/v2\/users\/6"}],"replies":[{"embeddable":true,"href":"https:\/\/gaestehaus.ch\/fr\/wp-json\/wp\/v2\/comments?post=99194"}],"version-history":[{"count":31,"href":"https:\/\/gaestehaus.ch\/fr\/wp-json\/wp\/v2\/pages\/99194\/revisions"}],"predecessor-version":[{"id":102085,"href":"https:\/\/gaestehaus.ch\/fr\/wp-json\/wp\/v2\/pages\/99194\/revisions\/102085"}],"up":[{"embeddable":true,"href":"https:\/\/gaestehaus.ch\/fr\/wp-json\/wp\/v2\/pages\/99328"}],"wp:featuredmedia":[{"embeddable":true,"href":"https:\/\/gaestehaus.ch\/fr\/wp-json\/wp\/v2\/media\/99168"}],"wp:attachment":[{"href":"https:\/\/gaestehaus.ch\/fr\/wp-json\/wp\/v2\/media?parent=99194"}],"curies":[{"name":"wp","href":"https:\/\/api.w.org\/{rel}","templated":true}]}}